{"id":18726,"date":"2016-03-13T13:01:09","date_gmt":"2016-03-13T12:01:09","guid":{"rendered":"https:\/\/euroalter.local\/project\/civil-society-forum-of-the-western-balkans\/"},"modified":"2024-04-11T13:26:37","modified_gmt":"2024-04-11T11:26:37","slug":"civil-society-forum-of-the-western-balkans","status":"publish","type":"project","link":"https:\/\/euroalter.com\/it\/projects\/civil-society-forum-of-the-western-balkans\/","title":{"rendered":"Civil Society Forum of the Western Balkans"},"content":{"rendered":"<h3>Il Forum della Societ\u00e0 Civile del Western Balkans Summit Series riunisce pi\u00f9 di 100 attivisti e rappresentanti della societ\u00e0 civile dell&#8217;Unione Europea e dei Balcani occidentali per formulare raccomandazioni per il futuro del progetto europeo e per l&#8217;integrazione dei paesi dei Balcani occidentali.<\/h3>\n<p>L&#8217;edizione del 2016 \u00e8 stata organizzata in occasione del 3\u00b0 Summit intergovernativo dei Balcani occidentali e dei paesi dell&#8217;Unione Europea a Parigi il 4 luglio 2016. Ha fatto seguito al Forum della societ\u00e0 civile tenutosi a Vienna nell&#8217;agosto 2015 e a Novi Sad e Belgrado nel maggio 2016. Le raccomandazioni elaborate a Parigi sono state costruite sulle raccomandazioni di Belgrado e del Novi Sad Forum.<\/p>\n<p>Migrazione, cambiamento climatico e crescita verde, controversie bilaterali e cooperazione giovanile sono stati i temi del programma del Forum di Parigi 2016 e sono discussi dai leader politici. I principali argomenti discussi nel Forum ospitato a Parigi 2016 sono stati: Migrazione, cambiamento climatico e crescita verde, controversie bilaterali, cooperazione giovanile e governance democratica.<\/p>\n<p>A Parigi, il Forum della societ\u00e0 civile aveva due obiettivi principali:<\/p>\n<p>Il primo obiettivo era che la societ\u00e0 civile avesse voce in capitolo nel dibattito sul futuro dei Balcani occidentali.<br \/>\nLe raccomandazioni della societ\u00e0 civile sono state quindi presentate e discusse con i parlamentari e i ministri europei.<\/p>\n<p>Alle sessioni del mattino hanno partecipato quattro membri del Parlamento europeo, tra cui la vicepresidente Ulrike Lunacek, Richard Howitt, Tanja Fajon, Alojz Peterle e Majlinda Bregu, presidente della Commissione per l&#8217;integrazione europea del Parlamento albanese.<\/p>\n<p>Harlem D\u00e9sir, Segretario di Stato per gli Affari europei (Francia) e Sebastian Kurz, Ministro degli Affari Esteri (Austria), hanno preso in considerazione le raccomandazioni e le hanno presentate brevemente all&#8217;incontro ufficiale intergovernativo con i Primi Ministri di alcuni Paesi europei dei Balcani occidentali nel pomeriggio del 4 luglio.<\/p>\n<p>Il secondo obiettivo dell&#8217;incontro \u00e8 stato quello di costruire ulteriori collaborazioni tra gli attori della societ\u00e0 civile e gli attivisti della regione e dell&#8217;Unione Europea.<br \/>\nSessioni di collaborazione come il world caf\u00e8 hanno permesso di discutere ulteriormente temi di interesse comune, il concerto del Darko Cargo Trio e il picnic in giardino hanno dato l&#8217;opportunit\u00e0 di rilassarsi e divertirsi insieme, il dibattito serale sul futuro di Solidarno\u015b\u0107 in Europa ha permesso una discussione generale sul futuro dell&#8217;Europa e sul futuro dei Balcani in Europa.<\/p>\n","protected":false},"excerpt":{"rendered":"<p>Il Forum della Societ\u00e0 Civile del Western Balkans Summit Series riunisce pi\u00f9 di 100 attivisti e rappresentanti della societ\u00e0 civile dell&#8217;Unione Europea e dei Balcani&hellip;<\/p>\n","protected":false},"featured_media":18460,"template":"page-templates\/page-project-legacy.php","meta":{"_acf_changed":false},"project_category":[],"class_list":["post-18726","project","type-project","status-publish","has-post-thumbnail","hentry"],"acf":{"project_hero":false,"project_featured":false,"project_on_going":false,"project_web":"https:\/\/wb-csf.eu\/","project_logo":18458,"project_countries":"","project_duration":"2016","project_support":[{"project_support_text":"European Fund for the Balkans","project_support_logo":18461}],"project_miscellaneous":{"project_miscellaneous_title":"","project_miscellaneous_text":""}},"yoast_head":"<!-- This site is optimized with the Yoast SEO plugin v24.6 - https:\/\/yoast.com\/wordpress\/plugins\/seo\/ -->\n<title>Civil Society Forum of the Western Balkans - European Alternatives<\/title>\n<meta name=\"robots\" content=\"index, follow, max-snippet:-1, max-image-preview:large, max-video-preview:-1\" \/>\n<link rel=\"canonical\" href=\"https:\/\/euroalter.com\/projects\/civil-society-forum-of-the-western-balkans\/\" \/>\n<meta property=\"og:locale\" content=\"it_IT\" \/>\n<meta property=\"og:type\" content=\"article\" \/>\n<meta property=\"og:title\" content=\"Civil Society Forum of the Western Balkans - European Alternatives\" \/>\n<meta property=\"og:description\" content=\"Il Forum della Societ\u00e0 Civile del Western Balkans Summit Series riunisce pi\u00f9 di 100 attivisti e rappresentanti della societ\u00e0 civile dell&#039;Unione Europea e dei Balcani&hellip;\" \/>\n<meta property=\"og:url\" content=\"https:\/\/euroalter.com\/projects\/civil-society-forum-of-the-western-balkans\/\" \/>\n<meta property=\"og:site_name\" content=\"European Alternatives\" \/>\n<meta property=\"article:modified_time\" content=\"2024-04-11T11:26:37+00:00\" \/>\n<meta property=\"og:image\" content=\"https:\/\/euroalter.com\/wp-content\/uploads\/2020\/02\/Georgijev-colurful-revolution6-scaled.jpg\" \/>\n\t<meta property=\"og:image:width\" content=\"2560\" \/>\n\t<meta property=\"og:image:height\" content=\"1703\" \/>\n\t<meta property=\"og:image:type\" content=\"image\/jpeg\" \/>\n<meta name=\"twitter:card\" content=\"summary_large_image\" \/>\n<meta name=\"twitter:label1\" content=\"Est. reading time\" \/>\n\t<meta name=\"twitter:data1\" content=\"2 minutes\" \/>\n<script type=\"application\/ld+json\" class=\"yoast-schema-graph\">{\"@context\":\"https:\/\/schema.org\",\"@graph\":[{\"@type\":\"WebPage\",\"@id\":\"https:\/\/euroalter.com\/projects\/civil-society-forum-of-the-western-balkans\/\",\"url\":\"https:\/\/euroalter.com\/projects\/civil-society-forum-of-the-western-balkans\/\",\"name\":\"Civil Society Forum of the Western Balkans - European Alternatives\",\"isPartOf\":{\"@id\":\"https:\/\/euroalter.com\/#website\"},\"primaryImageOfPage\":{\"@id\":\"https:\/\/euroalter.com\/projects\/civil-society-forum-of-the-western-balkans\/#primaryimage\"},\"image\":{\"@id\":\"https:\/\/euroalter.com\/projects\/civil-society-forum-of-the-western-balkans\/#primaryimage\"},\"thumbnailUrl\":\"https:\/\/euroalter.com\/wp-content\/uploads\/2020\/02\/Georgijev-colurful-revolution6-scaled.jpg\",\"datePublished\":\"2016-03-13T12:01:09+00:00\",\"dateModified\":\"2024-04-11T11:26:37+00:00\",\"breadcrumb\":{\"@id\":\"https:\/\/euroalter.com\/projects\/civil-society-forum-of-the-western-balkans\/#breadcrumb\"},\"inLanguage\":\"it-IT\",\"potentialAction\":[{\"@type\":\"ReadAction\",\"target\":[\"https:\/\/euroalter.com\/projects\/civil-society-forum-of-the-western-balkans\/\"]}]},{\"@type\":\"ImageObject\",\"inLanguage\":\"it-IT\",\"@id\":\"https:\/\/euroalter.com\/projects\/civil-society-forum-of-the-western-balkans\/#primaryimage\",\"url\":\"https:\/\/euroalter.com\/wp-content\/uploads\/2020\/02\/Georgijev-colurful-revolution6-scaled.jpg\",\"contentUrl\":\"https:\/\/euroalter.com\/wp-content\/uploads\/2020\/02\/Georgijev-colurful-revolution6-scaled.jpg\",\"width\":2560,\"height\":1703},{\"@type\":\"BreadcrumbList\",\"@id\":\"https:\/\/euroalter.com\/projects\/civil-society-forum-of-the-western-balkans\/#breadcrumb\",\"itemListElement\":[{\"@type\":\"ListItem\",\"position\":1,\"name\":\"Home\",\"item\":\"https:\/\/euroalter.com\/it\/\"},{\"@type\":\"ListItem\",\"position\":2,\"name\":\"Projects\",\"item\":\"https:\/\/euroalter.com\/projects\/\"},{\"@type\":\"ListItem\",\"position\":3,\"name\":\"Civil Society Forum of the Western Balkans\"}]},{\"@type\":\"WebSite\",\"@id\":\"https:\/\/euroalter.com\/#website\",\"url\":\"https:\/\/euroalter.com\/\",\"name\":\"European Alternatives\",\"description\":\"Democracy, Equality and Culture beyond the nation\",\"potentialAction\":[{\"@type\":\"SearchAction\",\"target\":{\"@type\":\"EntryPoint\",\"urlTemplate\":\"https:\/\/euroalter.com\/?s={search_term_string}\"},\"query-input\":{\"@type\":\"PropertyValueSpecification\",\"valueRequired\":true,\"valueName\":\"search_term_string\"}}],\"inLanguage\":\"it-IT\"}]}<\/script>\n<!-- \/ Yoast SEO plugin. -->","yoast_head_json":{"title":"Civil Society Forum of the Western Balkans - European Alternatives","robots":{"index":"index","follow":"follow","max-snippet":"max-snippet:-1","max-image-preview":"max-image-preview:large","max-video-preview":"max-video-preview:-1"},"canonical":"https:\/\/euroalter.com\/projects\/civil-society-forum-of-the-western-balkans\/","og_locale":"it_IT","og_type":"article","og_title":"Civil Society Forum of the Western Balkans - European Alternatives","og_description":"Il Forum della Societ\u00e0 Civile del Western Balkans Summit Series riunisce pi\u00f9 di 100 attivisti e rappresentanti della societ\u00e0 civile dell'Unione Europea e dei Balcani&hellip;","og_url":"https:\/\/euroalter.com\/projects\/civil-society-forum-of-the-western-balkans\/","og_site_name":"European Alternatives","article_modified_time":"2024-04-11T11:26:37+00:00","og_image":[{"width":2560,"height":1703,"url":"https:\/\/euroalter.com\/wp-content\/uploads\/2020\/02\/Georgijev-colurful-revolution6-scaled.jpg","type":"image\/jpeg"}],"twitter_card":"summary_large_image","twitter_misc":{"Est. reading time":"2 minutes"},"schema":{"@context":"https:\/\/schema.org","@graph":[{"@type":"WebPage","@id":"https:\/\/euroalter.com\/projects\/civil-society-forum-of-the-western-balkans\/","url":"https:\/\/euroalter.com\/projects\/civil-society-forum-of-the-western-balkans\/","name":"Civil Society Forum of the Western Balkans - European Alternatives","isPartOf":{"@id":"https:\/\/euroalter.com\/#website"},"primaryImageOfPage":{"@id":"https:\/\/euroalter.com\/projects\/civil-society-forum-of-the-western-balkans\/#primaryimage"},"image":{"@id":"https:\/\/euroalter.com\/projects\/civil-society-forum-of-the-western-balkans\/#primaryimage"},"thumbnailUrl":"https:\/\/euroalter.com\/wp-content\/uploads\/2020\/02\/Georgijev-colurful-revolution6-scaled.jpg","datePublished":"2016-03-13T12:01:09+00:00","dateModified":"2024-04-11T11:26:37+00:00","breadcrumb":{"@id":"https:\/\/euroalter.com\/projects\/civil-society-forum-of-the-western-balkans\/#breadcrumb"},"inLanguage":"it-IT","potentialAction":[{"@type":"ReadAction","target":["https:\/\/euroalter.com\/projects\/civil-society-forum-of-the-western-balkans\/"]}]},{"@type":"ImageObject","inLanguage":"it-IT","@id":"https:\/\/euroalter.com\/projects\/civil-society-forum-of-the-western-balkans\/#primaryimage","url":"https:\/\/euroalter.com\/wp-content\/uploads\/2020\/02\/Georgijev-colurful-revolution6-scaled.jpg","contentUrl":"https:\/\/euroalter.com\/wp-content\/uploads\/2020\/02\/Georgijev-colurful-revolution6-scaled.jpg","width":2560,"height":1703},{"@type":"BreadcrumbList","@id":"https:\/\/euroalter.com\/projects\/civil-society-forum-of-the-western-balkans\/#breadcrumb","itemListElement":[{"@type":"ListItem","position":1,"name":"Home","item":"https:\/\/euroalter.com\/it\/"},{"@type":"ListItem","position":2,"name":"Projects","item":"https:\/\/euroalter.com\/projects\/"},{"@type":"ListItem","position":3,"name":"Civil Society Forum of the Western Balkans"}]},{"@type":"WebSite","@id":"https:\/\/euroalter.com\/#website","url":"https:\/\/euroalter.com\/","name":"European Alternatives","description":"Democracy, Equality and Culture beyond the nation","potentialAction":[{"@type":"SearchAction","target":{"@type":"EntryPoint","urlTemplate":"https:\/\/euroalter.com\/?s={search_term_string}"},"query-input":{"@type":"PropertyValueSpecification","valueRequired":true,"valueName":"search_term_string"}}],"inLanguage":"it-IT"}]}},"_links":{"self":[{"href":"https:\/\/euroalter.com\/it\/wp-json\/wp\/v2\/project\/18726","targetHints":{"allow":["GET"]}}],"collection":[{"href":"https:\/\/euroalter.com\/it\/wp-json\/wp\/v2\/project"}],"about":[{"href":"https:\/\/euroalter.com\/it\/wp-json\/wp\/v2\/types\/project"}],"version-history":[{"count":1,"href":"https:\/\/euroalter.com\/it\/wp-json\/wp\/v2\/project\/18726\/revisions"}],"predecessor-version":[{"id":24591,"href":"https:\/\/euroalter.com\/it\/wp-json\/wp\/v2\/project\/18726\/revisions\/24591"}],"wp:featuredmedia":[{"embeddable":true,"href":"https:\/\/euroalter.com\/it\/wp-json\/wp\/v2\/media\/18460"}],"wp:attachment":[{"href":"https:\/\/euroalter.com\/it\/wp-json\/wp\/v2\/media?parent=18726"}],"wp:term":[{"taxonomy":"project_category","embeddable":true,"href":"https:\/\/euroalter.com\/it\/wp-json\/wp\/v2\/project_category?post=18726"}],"curies":[{"name":"wp","href":"https:\/\/api.w.org\/{rel}","templated":true}]}}