{"id":28056,"date":"2025-04-25T13:18:31","date_gmt":"2025-04-25T11:18:31","guid":{"rendered":"https:\/\/euroalter.com\/notre-histoire\/strategie\/"},"modified":"2025-04-25T13:18:31","modified_gmt":"2025-04-25T11:18:31","slug":"strategie","status":"publish","type":"page","link":"https:\/\/euroalter.com\/fr\/notre-histoire\/strategie\/","title":{"rendered":"Strat\u00e9gie"},"content":{"rendered":"\r\n<div class=\"wp-block-columns is-style-sixty-forty is-layout-flex wp-container-core-columns-is-layout-1 wp-block-columns-is-layout-flex\" style=\"margin-bottom: var(--wp--preset--spacing--80);\">\r\n\r\n\r\n<div class=\"wp-block-column is-layout-flow wp-block-column-is-layout-flow\">\r\n\r\n\r\n<p class=\"has-60-font-size\">European Alternatives agit avec la conviction qu&#8217;une r\u00e9novation transnationale de nos imaginaires politiques, de nos institutions et de nos pratiques est indispensable pour comprendre et affronter les d\u00e9fis auxquels l&#8217;Europe est confront\u00e9e.<\/p>\r\n\r\n\r\n\r\n<p class=\"has-60-font-size\">D\u00e9passer le cadre de l\u2019\u00c9tat-nation est une condition n\u00e9cessaire pour promouvoir une soci\u00e9t\u00e9 plus d\u00e9mocratique, \u00e9galitaire et culturellement ouverte. L\u2019Europe \u2013 en tant qu\u2019id\u00e9e et espace politique \u2013 constitue une opportunit\u00e9 pour concr\u00e9tiser cette ambition. C\u2019est la vision port\u00e9e par European Alternatives.<\/p>\r\n\r\n\r\n<\/div>\r\n\r\n\r\n\r\n<div class=\"wp-block-column is-layout-flow wp-block-column-is-layout-flow\" style=\"flex-basis: 40%;\"><\/div>\r\n\r\n\r\n<\/div>\r\n\r\n\r\n\r\n<figure class=\"wp-block-image alignwide size-large\"><img loading=\"lazy\" decoding=\"async\" width=\"1500\" height=\"843\" class=\"wp-image-23789\" src=\"https:\/\/euroalter.com\/wp-content\/uploads\/2024\/04\/47463332701_6538e0f579_h-1-1500x843.webp\" alt=\"\" srcset=\"https:\/\/euroalter.com\/wp-content\/uploads\/2024\/04\/47463332701_6538e0f579_h-1-1500x843.webp 1500w, https:\/\/euroalter.com\/wp-content\/uploads\/2024\/04\/47463332701_6538e0f579_h-1-1024x576.webp 1024w, https:\/\/euroalter.com\/wp-content\/uploads\/2024\/04\/47463332701_6538e0f579_h-1-600x337.webp 600w\" sizes=\"auto, (max-width: 1500px) 100vw, 1500px\" \/><\/figure>\r\n\r\n\r\n\r\n<div class=\"wp-block-columns is-style-sixty-forty is-layout-flex wp-container-core-columns-is-layout-2 wp-block-columns-is-layout-flex\" style=\"margin-top: var(--wp--preset--spacing--80); margin-bottom: var(--wp--preset--spacing--80);\">\r\n\r\n\r\n<div class=\"wp-block-column is-layout-flow wp-block-column-is-layout-flow\">\r\n\r\n\r\n<h2 class=\"wp-block-heading\">Une Europe alternative \u00e9mergerait de :<\/h2>\r\n\r\n\r\n<\/div>\r\n\r\n\r\n\r\n<div class=\"wp-block-column is-layout-flow wp-block-column-is-layout-flow\" style=\"flex-basis: 40%;\">\r\n\r\n\r\n<ul class=\"wp-block-list\">\r\n \t<li style=\"list-style-type: none;\">\r\n<ul>\r\n \t<li>Soutenir et promouvoir une politique imaginative tourn\u00e9e vers l\u2019ext\u00e9rieur, en valorisant et en donnant de l\u2019espace aux nombreuses voix alternatives expertes que nous connaissons<\/li>\r\n<\/ul>\r\n<\/li>\r\n<\/ul>\r\n\r\n\r\n\r\n<ul>\r\n \t<li style=\"list-style-type: none;\">\r\n<ul>\r\n \t<li>Diffuser de nouvelles connaissances et r\u00e9cits alternatifs, encourager le d\u00e9bat critique via des outils et des espaces accessibles<\/li>\r\n<\/ul>\r\n<\/li>\r\n<\/ul>\r\n\r\n\r\n\r\n<ul>\r\n \t<li style=\"list-style-type: none;\">\r\n<ul>\r\n \t<li>Incarner une citoyennet\u00e9 politique europ\u00e9enne, respectueuse des droits humains, des droits fondamentaux et de l\u2019espace civique, fond\u00e9e sur la libre circulation effective et un engagement critique envers les principes et normes juridiques \u2013 ainsi que leurs suspensions ou violations<\/li>\r\n<\/ul>\r\n<\/li>\r\n<\/ul>\r\n\r\n\r\n\r\n<ul>\r\n \t<li style=\"list-style-type: none;\">\r\n<ul>\r\n \t<li>Rendre le niveau europ\u00e9en plus accessible, et le percevoir comme une \u00e9chelle pertinente d\u2019analyse et d\u2019action<\/li>\r\n<\/ul>\r\n<\/li>\r\n<\/ul>\r\n\r\n\r\n\r\n<ul>\r\n \t<li style=\"list-style-type: none;\">\r\n<ul>\r\n \t<li>Favoriser l\u2019autonomisation socio-\u00e9conomique et l\u2019inclusion des communaut\u00e9s, en s\u00e9curisant les situations individuelles, luttant ainsi contre la pr\u00e9carit\u00e9 et facilitant la participation<\/li>\r\n<\/ul>\r\n<\/li>\r\n<\/ul>\r\n\r\n\r\n\r\n<ul>\r\n \t<li style=\"list-style-type: none;\">\r\n<ul>\r\n \t<li>Cr\u00e9er et renforcer la pr\u00e9sence d\u2019organisations transnationales et de multiplicateurs d\u2019action<\/li>\r\n<\/ul>\r\n<\/li>\r\n<\/ul>\r\n\r\n\r\n\r\n<ul>\r\n \t<li style=\"list-style-type: none;\">\r\n<ul>\r\n \t<li>Renforcer les capacit\u00e9s des organisations de la soci\u00e9t\u00e9 civile, en les incitant \u00e0 fonctionner en r\u00e9seau, dans leur \u00e9cosyst\u00e8me, plut\u00f4t que de mani\u00e8re isol\u00e9e<\/li>\r\n<\/ul>\r\n<\/li>\r\n<\/ul>\r\n\r\n\r\n\r\n<ul>\r\n \t<li style=\"list-style-type: none;\">\r\n<ul>\r\n \t<li>Pour concr\u00e9tiser cette vision, nous d\u00e9finissons chaque ann\u00e9e nos priorit\u00e9s organisationnelles en consultation avec notre \u00e9quipe, nos conseiller\u00b7\u00e8re\u00b7s et notre conseil d\u2019administration<\/li>\r\n<\/ul>\r\n<\/li>\r\n<\/ul>\r\n\r\n\r\n\r\n\r\n<\/div>\r\n\r\n\r\n<\/div>\r\n\r\n\r\n\r\n<div class=\"wp-block-columns is-style-sixty-forty is-layout-flex wp-container-core-columns-is-layout-3 wp-block-columns-is-layout-flex\" style=\"margin-top: var(--wp--preset--spacing--80); margin-bottom: var(--wp--preset--spacing--80);\">\r\n\r\n\r\n<div class=\"wp-block-column is-layout-flow wp-block-column-is-layout-flow\">\r\n\r\n\r\n<h2 class=\"wp-block-heading\">Notre impact social recherch\u00e9 :<\/h2>\r\n\r\n\r\n<\/div>\r\n\r\n\r\n\r\n<div class=\"wp-block-column is-layout-flow wp-block-column-is-layout-flow\" style=\"flex-basis: 40%;\">\r\n\r\n\r\n<ol class=\"wp-block-list\">\r\n \t<li style=\"list-style-type: none;\">\r\n<ol>\r\n \t<li><strong>Cr\u00e9er un espace transnational vivant <\/strong>:\r\n<ul class=\"wp-block-list\">\r\n \t<li style=\"list-style-type: none;\">\r\n<ul>\r\n \t<li>Rassembler et entretenir un \u00e9cosyst\u00e8me dynamique d&#8217;activistes transnationaux<\/li>\r\n<\/ul>\r\n<\/li>\r\n<\/ul>\r\n\r\n\r\n\r\n<ul>\r\n \t<li style=\"list-style-type: none;\">\r\n<ul>\r\n \t<li>Encourager et renforcer les pratiques d\u00e9mocratiques dans cet espace<\/li>\r\n<\/ul>\r\n<\/li>\r\n<\/ul>\r\n\r\n\r\n\r\n<ul>\r\n \t<li style=\"list-style-type: none;\">\r\n<ul>\r\n \t<li>Faire \u00e9merger des alternatives aux id\u00e9es et acteurs d\u2019extr\u00eame droite<\/li>\r\n<\/ul>\r\n<\/li>\r\n<\/ul>\r\n\r\n\r\n\r\n<ul>\r\n \t<li style=\"list-style-type: none;\">\r\n<ul>\r\n \t<li>Faire de cet espace un interlocuteur incontournable pour les acteurs europ\u00e9ens, en renfor\u00e7ant le capital d\u00e9mocratique de l\u2019UE<\/li>\r\n<\/ul>\r\n<\/li>\r\n<\/ul>\r\n\r\n\r\n<\/li>\r\n<\/ol>\r\n<\/li>\r\n<\/ol>\r\n\r\n\r\n\r\n<ol>\r\n \t<li style=\"list-style-type: none;\">\r\n<ol>\r\n \t<li><strong>R\u00e9imaginer cet espace \u00e0 travers des valeurs transformatrices <\/strong>:\r\n<ul class=\"wp-block-list\">\r\n \t<li style=\"list-style-type: none;\">\r\n<ul>\r\n \t<li>Imaginer des futurs alternatifs et incarner des valeurs transformatrices (d\u00e9colonialisme, intersectionnalit\u00e9, \u00e9cof\u00e9minisme)<\/li>\r\n<\/ul>\r\n<\/li>\r\n<\/ul>\r\n\r\n\r\n\r\n<ul>\r\n \t<li style=\"list-style-type: none;\">\r\n<ul>\r\n \t<li>R\u00e9sister \u00e0 l&#8217;influence des id\u00e9es et discours d&#8217;extr\u00eame droite<\/li>\r\n<\/ul>\r\n<\/li>\r\n<\/ul>\r\n\r\n\r\n<\/li>\r\n<\/ol>\r\n<\/li>\r\n<\/ol>\r\n\r\n\r\n\r\n<ol>\r\n \t<li style=\"list-style-type: none;\">\r\n<ol>\r\n \t<li><strong>Faire de cet espace un lieu accueillant pour toutes et tous <\/strong>:\r\n<ul class=\"wp-block-list\">\r\n \t<li style=\"list-style-type: none;\">\r\n<ul>\r\n \t<li>Souligner la pertinence de l\u2019\u00e9chelle transnationale dans la lutte pour la justice sociale<\/li>\r\n<\/ul>\r\n<\/li>\r\n<\/ul>\r\n\r\n\r\n\r\n<ul>\r\n \t<li style=\"list-style-type: none;\">\r\n<ul>\r\n \t<li>Promouvoir des strat\u00e9gies translocales, pour que les acteurs locaux s\u2019y sentent chez eux<\/li>\r\n<\/ul>\r\n<\/li>\r\n<\/ul>\r\n\r\n\r\n\r\n<ul>\r\n \t<li style=\"list-style-type: none;\">\r\n<ul>\r\n \t<li>D\u00e9construire les cadres nationalistes en contrant les effets d\u2019exclusion produits par les fronti\u00e8res<\/li>\r\n<\/ul>\r\n<\/li>\r\n<\/ul>\r\n\r\n\r\n<\/li>\r\n<\/ol>\r\n<\/li>\r\n<\/ol>\r\n\r\n\r\n\r\n\r\n<\/div>\r\n\r\n\r\n<\/div>\r\n\r\n\r\n\r\n<div class=\"wp-block-columns is-style-sixty-forty is-layout-flex wp-container-core-columns-is-layout-4 wp-block-columns-is-layout-flex\" style=\"margin-top: var(--wp--preset--spacing--80); margin-bottom: var(--wp--preset--spacing--50);\">\r\n\r\n\r\n<div class=\"wp-block-column is-layout-flow wp-block-column-is-layout-flow\">\r\n\r\n\r\n<h2 class=\"wp-block-heading\"><a href=\"https:\/\/euroalter.com\/projects\/\">Notre programme d&#8217;action<\/a> s&#8217;articule autour de cinq axes :<\/h2>\r\n\r\n\r\n<\/div>\r\n\r\n\r\n\r\n<div class=\"wp-block-column is-layout-flow wp-block-column-is-layout-flow\" style=\"flex-basis: 40%;\"><\/div>\r\n\r\n\r\n<\/div>\r\n\r\n\r\n\r\n<figure class=\"wp-block-image aligncenter size-full\"><img loading=\"lazy\" decoding=\"async\" width=\"898\" height=\"866\" class=\"wp-image-25513\" style=\"object-fit: cover;\" src=\"https:\/\/euroalter.com\/wp-content\/uploads\/2024\/04\/structure-streams.webp\" alt=\"\" srcset=\"https:\/\/euroalter.com\/wp-content\/uploads\/2024\/04\/structure-streams.webp 898w, https:\/\/euroalter.com\/wp-content\/uploads\/2024\/04\/structure-streams-600x579.webp 600w\" sizes=\"auto, (max-width: 898px) 100vw, 898px\" \/><\/figure>\r\n\r\n\r\n\r\n<div class=\"wp-block-columns is-style-forty-sixty is-layout-flex wp-container-core-columns-is-layout-5 wp-block-columns-is-layout-flex\">\r\n\r\n\r\n<div class=\"wp-block-column is-layout-flow wp-block-column-is-layout-flow\">\r\n\r\n\r\n<h2 class=\"wp-block-heading\">Imaginer<\/h2>\r\n\r\n\r\n<\/div>\r\n\r\n\r\n\r\n<div class=\"wp-block-column is-layout-flow wp-block-column-is-layout-flow\" style=\"flex-basis: 60%;\">\r\n\r\n\r\n\r\nExp\u00e9rimenter des formes d\u2019expression de soi \u00e0 travers l\u2019innovation artistique, cr\u00e9er de nouveaux r\u00e9cits, imaginaires et repr\u00e9sentations, et proposer des formats diversifi\u00e9s pour apprendre et \u00eatre ensemble.\r\n\r\n\r\n\r\n<\/div>\r\n\r\n\r\n<\/div>\r\n\r\n\r\n\r\n<div class=\"wp-block-columns is-style-forty-sixty is-layout-flex wp-container-core-columns-is-layout-6 wp-block-columns-is-layout-flex\">\r\n\r\n\r\n<div class=\"wp-block-column is-layout-flow wp-block-column-is-layout-flow\">\r\n\r\n\r\n<h2 class=\"wp-block-heading\">Former<\/h2>\r\n\r\n\r\n<\/div>\r\n\r\n\r\n\r\n<div class=\"wp-block-column is-layout-flow wp-block-column-is-layout-flow\" style=\"flex-basis: 60%;\">\r\n\r\n\r\n\r\nRenforcer les comp\u00e9tences des participant\u00b7e\u00b7s sur des th\u00e9matiques cl\u00e9s pour l\u2019ouverture de l\u2019espace civique et politique \u00e0 l\u2019\u00e9chelle europ\u00e9enne, et pour la promotion de r\u00e9cits alternatifs sur l\u2019Europe.\r\n\r\n\r\n\r\n<\/div>\r\n\r\n\r\n<\/div>\r\n\r\n\r\n\r\n<div class=\"wp-block-columns is-style-forty-sixty is-layout-flex wp-container-core-columns-is-layout-7 wp-block-columns-is-layout-flex\">\r\n\r\n\r\n<div class=\"wp-block-column is-layout-flow wp-block-column-is-layout-flow\">\r\n\r\n\r\n<h2 class=\"wp-block-heading\">Assembler<\/h2>\r\n\r\n\r\n<\/div>\r\n\r\n\r\n\r\n<div class=\"wp-block-column is-layout-flow wp-block-column-is-layout-flow\" style=\"flex-basis: 60%;\">\r\n\r\n\r\n\r\nCr\u00e9er des espaces de d\u00e9lib\u00e9ration, de prise de d\u00e9cision, et d\u2019exp\u00e9rimentation directe de la d\u00e9mocratie \u00e0 l\u2019\u00e9chelle communautaire.\r\n\r\n\r\n\r\n<\/div>\r\n\r\n\r\n<\/div>\r\n\r\n\r\n\r\n<div class=\"wp-block-columns is-style-forty-sixty is-layout-flex wp-container-core-columns-is-layout-8 wp-block-columns-is-layout-flex\">\r\n\r\n\r\n<div class=\"wp-block-column is-layout-flow wp-block-column-is-layout-flow\">\r\n\r\n\r\n<h2 class=\"wp-block-heading\">Agir<\/h2>\r\n\r\n\r\n<\/div>\r\n\r\n\r\n\r\n<div class=\"wp-block-column is-layout-flow wp-block-column-is-layout-flow\" style=\"flex-basis: 60%;\">\r\n\r\n\r\n\r\nPorter les revendications des activistes et des mouvements sociaux aupr\u00e8s des d\u00e9cideurs \u00e0 l\u2019\u00e9chelle locale, nationale et europ\u00e9enne.\r\n\r\n\r\n\r\n<\/div>\r\n\r\n\r\n<\/div>\r\n\r\n\r\n\r\n<div class=\"wp-block-columns is-style-forty-sixty is-layout-flex wp-container-core-columns-is-layout-9 wp-block-columns-is-layout-flex\">\r\n\r\n\r\n<div class=\"wp-block-column is-layout-flow wp-block-column-is-layout-flow\">\r\n\r\n\r\n<h2 class=\"wp-block-heading\">Apprendre<\/h2>\r\n\r\n\r\n<\/div>\r\n\r\n\r\n\r\n<div class=\"wp-block-column is-layout-flow wp-block-column-is-layout-flow\" style=\"flex-basis: 60%;\">\r\n\r\n\r\n\r\nFavoriser un apprentissage fond\u00e9 sur la recherche des dynamiques, besoins, risques et opportunit\u00e9s transnationaux, au sein d\u2019European Alternatives, de son \u00e9cosyst\u00e8me \u00e9largi, et des institutions politiques.\r\n\r\n\r\n\r\n<\/div>\r\n\r\n\r\n<\/div>\r\n","protected":false},"excerpt":{"rendered":"<p>European Alternatives agit avec la conviction qu&#8217;une r\u00e9novation transnationale de nos imaginaires politiques, de nos institutions et de nos pratiques est indispensable pour comprendre et&hellip;<\/p>\n","protected":false},"author":4,"featured_media":21917,"parent":26384,"menu_order":0,"comment_status":"closed","ping_status":"closed","template":"page-templates\/page-header-story.php","meta":{"_acf_changed":false,"footnotes":""},"class_list":["post-28056","page","type-page","status-publish","has-post-thumbnail","hentry"],"acf":[],"yoast_head":"<!-- This site is optimized with the Yoast SEO plugin v24.6 - https:\/\/yoast.com\/wordpress\/plugins\/seo\/ -->\n<title>Strat\u00e9gie - European Alternatives<\/title>\n<meta name=\"robots\" content=\"index, follow, max-snippet:-1, max-image-preview:large, max-video-preview:-1\" \/>\n<link rel=\"canonical\" href=\"https:\/\/euroalter.com\/notre-histoire\/strategie\/\" \/>\n<meta property=\"og:locale\" content=\"fr_FR\" \/>\n<meta property=\"og:type\" content=\"article\" \/>\n<meta property=\"og:title\" content=\"Strat\u00e9gie - European Alternatives\" \/>\n<meta property=\"og:description\" content=\"European Alternatives agit avec la conviction qu&#8217;une r\u00e9novation transnationale de nos imaginaires politiques, de nos institutions et de nos pratiques est indispensable pour comprendre et&hellip;\" \/>\n<meta property=\"og:url\" content=\"https:\/\/euroalter.com\/notre-histoire\/strategie\/\" \/>\n<meta property=\"og:site_name\" content=\"European Alternatives\" \/>\n<meta property=\"og:image\" content=\"https:\/\/euroalter.com\/wp-content\/uploads\/2024\/04\/47463332701_6538e0f579_h-1.webp\" \/>\n\t<meta property=\"og:image:width\" content=\"2560\" \/>\n\t<meta property=\"og:image:height\" content=\"1439\" \/>\n\t<meta property=\"og:image:type\" content=\"image\/webp\" \/>\n<meta name=\"twitter:card\" content=\"summary_large_image\" \/>\n<meta name=\"twitter:label1\" content=\"Est. reading time\" \/>\n\t<meta name=\"twitter:data1\" content=\"3 minutes\" \/>\n<script type=\"application\/ld+json\" class=\"yoast-schema-graph\">{\"@context\":\"https:\/\/schema.org\",\"@graph\":[{\"@type\":\"WebPage\",\"@id\":\"https:\/\/euroalter.com\/notre-histoire\/strategie\/\",\"url\":\"https:\/\/euroalter.com\/notre-histoire\/strategie\/\",\"name\":\"Strat\u00e9gie - European Alternatives\",\"isPartOf\":{\"@id\":\"https:\/\/euroalter.com\/#website\"},\"primaryImageOfPage\":{\"@id\":\"https:\/\/euroalter.com\/notre-histoire\/strategie\/#primaryimage\"},\"image\":{\"@id\":\"https:\/\/euroalter.com\/notre-histoire\/strategie\/#primaryimage\"},\"thumbnailUrl\":\"https:\/\/euroalter.com\/wp-content\/uploads\/2020\/03\/EA_CAMPUS_008-1024x682-1-1.jpg\",\"datePublished\":\"2025-04-25T11:18:31+00:00\",\"breadcrumb\":{\"@id\":\"https:\/\/euroalter.com\/notre-histoire\/strategie\/#breadcrumb\"},\"inLanguage\":\"fr-FR\",\"potentialAction\":[{\"@type\":\"ReadAction\",\"target\":[\"https:\/\/euroalter.com\/notre-histoire\/strategie\/\"]}]},{\"@type\":\"ImageObject\",\"inLanguage\":\"fr-FR\",\"@id\":\"https:\/\/euroalter.com\/notre-histoire\/strategie\/#primaryimage\",\"url\":\"https:\/\/euroalter.com\/wp-content\/uploads\/2020\/03\/EA_CAMPUS_008-1024x682-1-1.jpg\",\"contentUrl\":\"https:\/\/euroalter.com\/wp-content\/uploads\/2020\/03\/EA_CAMPUS_008-1024x682-1-1.jpg\",\"width\":1024,\"height\":530},{\"@type\":\"BreadcrumbList\",\"@id\":\"https:\/\/euroalter.com\/notre-histoire\/strategie\/#breadcrumb\",\"itemListElement\":[{\"@type\":\"ListItem\",\"position\":1,\"name\":\"Home\",\"item\":\"https:\/\/euroalter.com\/fr\/\"},{\"@type\":\"ListItem\",\"position\":2,\"name\":\"Notre histoire\",\"item\":\"https:\/\/euroalter.com\/fr\/notre-histoire\/\"},{\"@type\":\"ListItem\",\"position\":3,\"name\":\"Strat\u00e9gie\"}]},{\"@type\":\"WebSite\",\"@id\":\"https:\/\/euroalter.com\/#website\",\"url\":\"https:\/\/euroalter.com\/\",\"name\":\"European Alternatives\",\"description\":\"Democracy, Equality and Culture beyond the nation\",\"potentialAction\":[{\"@type\":\"SearchAction\",\"target\":{\"@type\":\"EntryPoint\",\"urlTemplate\":\"https:\/\/euroalter.com\/?s={search_term_string}\"},\"query-input\":{\"@type\":\"PropertyValueSpecification\",\"valueRequired\":true,\"valueName\":\"search_term_string\"}}],\"inLanguage\":\"fr-FR\"}]}<\/script>\n<!-- \/ Yoast SEO plugin. -->","yoast_head_json":{"title":"Strat\u00e9gie - European Alternatives","robots":{"index":"index","follow":"follow","max-snippet":"max-snippet:-1","max-image-preview":"max-image-preview:large","max-video-preview":"max-video-preview:-1"},"canonical":"https:\/\/euroalter.com\/notre-histoire\/strategie\/","og_locale":"fr_FR","og_type":"article","og_title":"Strat\u00e9gie - European Alternatives","og_description":"European Alternatives agit avec la conviction qu&#8217;une r\u00e9novation transnationale de nos imaginaires politiques, de nos institutions et de nos pratiques est indispensable pour comprendre et&hellip;","og_url":"https:\/\/euroalter.com\/notre-histoire\/strategie\/","og_site_name":"European Alternatives","og_image":[{"width":2560,"height":1439,"url":"https:\/\/euroalter.com\/wp-content\/uploads\/2024\/04\/47463332701_6538e0f579_h-1.webp","type":"image\/webp"}],"twitter_card":"summary_large_image","twitter_misc":{"Est. reading time":"3 minutes"},"schema":{"@context":"https:\/\/schema.org","@graph":[{"@type":"WebPage","@id":"https:\/\/euroalter.com\/notre-histoire\/strategie\/","url":"https:\/\/euroalter.com\/notre-histoire\/strategie\/","name":"Strat\u00e9gie - European Alternatives","isPartOf":{"@id":"https:\/\/euroalter.com\/#website"},"primaryImageOfPage":{"@id":"https:\/\/euroalter.com\/notre-histoire\/strategie\/#primaryimage"},"image":{"@id":"https:\/\/euroalter.com\/notre-histoire\/strategie\/#primaryimage"},"thumbnailUrl":"https:\/\/euroalter.com\/wp-content\/uploads\/2020\/03\/EA_CAMPUS_008-1024x682-1-1.jpg","datePublished":"2025-04-25T11:18:31+00:00","breadcrumb":{"@id":"https:\/\/euroalter.com\/notre-histoire\/strategie\/#breadcrumb"},"inLanguage":"fr-FR","potentialAction":[{"@type":"ReadAction","target":["https:\/\/euroalter.com\/notre-histoire\/strategie\/"]}]},{"@type":"ImageObject","inLanguage":"fr-FR","@id":"https:\/\/euroalter.com\/notre-histoire\/strategie\/#primaryimage","url":"https:\/\/euroalter.com\/wp-content\/uploads\/2020\/03\/EA_CAMPUS_008-1024x682-1-1.jpg","contentUrl":"https:\/\/euroalter.com\/wp-content\/uploads\/2020\/03\/EA_CAMPUS_008-1024x682-1-1.jpg","width":1024,"height":530},{"@type":"BreadcrumbList","@id":"https:\/\/euroalter.com\/notre-histoire\/strategie\/#breadcrumb","itemListElement":[{"@type":"ListItem","position":1,"name":"Home","item":"https:\/\/euroalter.com\/fr\/"},{"@type":"ListItem","position":2,"name":"Notre histoire","item":"https:\/\/euroalter.com\/fr\/notre-histoire\/"},{"@type":"ListItem","position":3,"name":"Strat\u00e9gie"}]},{"@type":"WebSite","@id":"https:\/\/euroalter.com\/#website","url":"https:\/\/euroalter.com\/","name":"European Alternatives","description":"Democracy, Equality and Culture beyond the nation","potentialAction":[{"@type":"SearchAction","target":{"@type":"EntryPoint","urlTemplate":"https:\/\/euroalter.com\/?s={search_term_string}"},"query-input":{"@type":"PropertyValueSpecification","valueRequired":true,"valueName":"search_term_string"}}],"inLanguage":"fr-FR"}]}},"_links":{"self":[{"href":"https:\/\/euroalter.com\/fr\/wp-json\/wp\/v2\/pages\/28056","targetHints":{"allow":["GET"]}}],"collection":[{"href":"https:\/\/euroalter.com\/fr\/wp-json\/wp\/v2\/pages"}],"about":[{"href":"https:\/\/euroalter.com\/fr\/wp-json\/wp\/v2\/types\/page"}],"author":[{"embeddable":true,"href":"https:\/\/euroalter.com\/fr\/wp-json\/wp\/v2\/users\/4"}],"replies":[{"embeddable":true,"href":"https:\/\/euroalter.com\/fr\/wp-json\/wp\/v2\/comments?post=28056"}],"version-history":[{"count":0,"href":"https:\/\/euroalter.com\/fr\/wp-json\/wp\/v2\/pages\/28056\/revisions"}],"up":[{"embeddable":true,"href":"https:\/\/euroalter.com\/fr\/wp-json\/wp\/v2\/pages\/26384"}],"wp:featuredmedia":[{"embeddable":true,"href":"https:\/\/euroalter.com\/fr\/wp-json\/wp\/v2\/media\/21917"}],"wp:attachment":[{"href":"https:\/\/euroalter.com\/fr\/wp-json\/wp\/v2\/media?parent=28056"}],"curies":[{"name":"wp","href":"https:\/\/api.w.org\/{rel}","templated":true}]}}