{"id":28037,"date":"2025-04-23T19:14:24","date_gmt":"2025-04-23T17:14:24","guid":{"rendered":"https:\/\/euroalter.com\/notre-histoire\/notre-impact\/"},"modified":"2025-04-23T19:14:24","modified_gmt":"2025-04-23T17:14:24","slug":"notre-impact","status":"publish","type":"page","link":"https:\/\/euroalter.com\/fr\/notre-histoire\/notre-impact\/","title":{"rendered":"Notre impact"},"content":{"rendered":"\r\n<div class=\"wp-block-columns is-style-sixty-forty is-layout-flex wp-container-core-columns-is-layout-1 wp-block-columns-is-layout-flex\">\r\n\r\n\r\n<div class=\"wp-block-column is-layout-flow wp-block-column-is-layout-flow\">\r\n\r\n\r\n<p class=\"has-60-font-size\">Depuis notre cr\u00e9ation en 2007, European Alternatives agit avec la conviction que les enjeux politiques et sociaux les plus urgents ne peuvent plus \u00eatre compris ni trait\u00e9s uniquement \u00e0 l\u2019\u00e9chelle nationale. De nouvelles formes de collectivit\u00e9 transnationale doivent \u00eatre cr\u00e9\u00e9es pour redonner aux citoyen\u00b7ne\u00b7s le contr\u00f4le d\u00e9mocratique sur leur avenir. Dans cette perspective, European Alternatives s\u2019efforce de construire une vision plus large d\u2019une Europe alternative viable, tout en relan\u00e7ant la citoyennet\u00e9 active et l\u2019engagement public.<\/p>\r\n\r\n\r\n<\/div>\r\n\r\n\r\n\r\n<div class=\"wp-block-column is-layout-flow wp-block-column-is-layout-flow\" style=\"flex-basis: 40%;\"><\/div>\r\n\r\n\r\n<\/div>\r\n\r\n\r\n\r\n<div class=\"wp-block-columns is-style-sixty-forty is-layout-flex wp-container-core-columns-is-layout-2 wp-block-columns-is-layout-flex\">\r\n\r\n\r\n<div class=\"wp-block-column is-layout-flow wp-block-column-is-layout-flow\"><\/div>\r\n\r\n\r\n\r\n<div class=\"wp-block-column is-layout-flow wp-block-column-is-layout-flow\" style=\"flex-basis: 40%;\">\r\n\r\n\r\n\r\nFid\u00e8le \u00e0 cette approche, European Alternatives ne limite pas son action \u00e0 un seul th\u00e8me, sujet ou territoire. L\u2019organisation se veut g\u00e9n\u00e9raliste et transnationale, et cherche \u00e0 cr\u00e9er un espace o\u00f9 une sph\u00e8re publique europ\u00e9enne vivante, ouverte et dynamique peut exister, se d\u00e9velopper et entrer en r\u00e9sonance avec d\u2019autres espaces internationaux.\r\n\r\n\r\n\r\n\r\n\r\n\u00c0 travers ses diff\u00e9rents bureaux, European Alternatives a, au fil des ann\u00e9es, d\u00e9velopp\u00e9 des approches innovantes pour promouvoir la citoyennet\u00e9 europ\u00e9enne et les droits fondamentaux. Cela passe notamment par l\u2019organisation de panels citoyens, de campagnes, de festivals et de conf\u00e9rences, l\u2019utilisation de formats num\u00e9riques novateurs (sites web multilingues, radio en ligne, r\u00e9seaux sociaux, vid\u00e9os, magazines, web-documentaires), ainsi que l\u2019implication de groupes marginalis\u00e9s dans des activit\u00e9s \u00e0 dimension europ\u00e9enne (organisations de personnes migrantes, groupes de d\u00e9mocratie locale, collectifs de jeunes, organisations artistiques).\r\n\r\n\r\n\r\n\r\n\r\nL\u2019impact de notre travail a toujours \u00e9t\u00e9 une priorit\u00e9. Par impact, nous entendons \u00e0 la fois les effets concrets sur des segments sp\u00e9cifiques de la soci\u00e9t\u00e9, mais aussi l\u2019influence de nos actions sur les processus sociaux et de gouvernance, en coh\u00e9rence avec notre mission et nos valeurs. Depuis 2023, notre syst\u00e8me de Suivi, d\u2019\u00c9valuation et d\u2019Apprentissage (Monitoring, Evaluation and Learning \u2013 MEL) a \u00e9t\u00e9 consid\u00e9rablement renforc\u00e9 : r\u00e9vision des indicateurs de projets et de programmes, d\u00e9veloppement d\u2019outils de collecte de donn\u00e9es adapt\u00e9s aux besoins de l\u2019\u00e9quipe. L\u2019ensemble de notre travail est d\u00e9sormais structur\u00e9 autour de cinq axes th\u00e9matiques, chacun avec des objectifs sp\u00e9cifiques suivis par le syst\u00e8me MEL.\r\n\r\n\r\n\r\n<\/div>\r\n\r\n\r\n<\/div>\r\n\r\n\r\n\r\n<figure class=\"wp-block-image alignwide size-full\"><img loading=\"lazy\" decoding=\"async\" width=\"6438\" height=\"3260\" class=\"wp-image-27515\" src=\"https:\/\/euroalter.com\/wp-content\/uploads\/2025\/01\/MapChart_Map-2-1.png\" alt=\"\" srcset=\"https:\/\/euroalter.com\/wp-content\/uploads\/2025\/01\/MapChart_Map-2-1.png 6438w, https:\/\/euroalter.com\/wp-content\/uploads\/2025\/01\/MapChart_Map-2-1-1024x519.png 1024w, https:\/\/euroalter.com\/wp-content\/uploads\/2025\/01\/MapChart_Map-2-1-1500x760.png 1500w, https:\/\/euroalter.com\/wp-content\/uploads\/2025\/01\/MapChart_Map-2-1-600x304.png 600w\" sizes=\"auto, (max-width: 6438px) 100vw, 6438px\" \/><\/figure>\r\n\r\n\r\n\r\n<div class=\"wp-block-group alignfull has-background-color has-accent-3-background-color has-text-color has-background has-link-color wp-elements-5c100ffbc6126e78b5f6764994011552 is-layout-constrained wp-container-core-group-is-layout-1 wp-block-group-is-layout-constrained\" style=\"margin-top: var(--wp--preset--spacing--80); margin-bottom: 0; padding: var(--wp--preset--spacing--60) var(--wp--preset--spacing--40) var(--wp--preset--spacing--70) var(--wp--preset--spacing--40);\">\r\n\r\n\r\n<div class=\"wp-block-columns is-style-sixty-forty is-layout-flex wp-container-core-columns-is-layout-3 wp-block-columns-is-layout-flex\">\r\n\r\n\r\n<div class=\"wp-block-column is-layout-flow wp-block-column-is-layout-flow\">\r\n\r\n\r\n<h2 class=\"wp-block-heading\">Notre impact en un coup d&#8217;\u0153il<\/h2>\r\n\r\n\r\n<\/div>\r\n\r\n\r\n\r\n<div class=\"wp-block-column is-layout-flow wp-block-column-is-layout-flow\" style=\"flex-basis: 40%;\">\r\n\r\n\r\n<div class=\"wp-block-buttons is-vertical is-layout-flex wp-container-core-buttons-is-layout-1 wp-block-buttons-is-layout-flex\" style=\"margin-top: 0; margin-bottom: 0;\">\r\n\r\n\r\n<div class=\"wp-block-button has-custom-width wp-block-button__width-100\"><a class=\"wp-block-button__link has-background-color has-text-color has-link-color wp-element-button\" style=\"padding-top: 1em; padding-bottom: 1em;\" href=\"https:\/\/euroalter.com\/wp-content\/uploads\/2024\/12\/REPORT_DEF.pdf\">Rapport annuel 2023 &#8211; 2024<\/a><\/div>\r\n\r\n\r\n\r\n<div class=\"wp-block-button has-custom-width wp-block-button__width-100\"><a class=\"wp-block-button__link has-background-color has-text-color has-link-color wp-element-button\" style=\"padding-top: 1em; padding-bottom: 1em;\" href=\"https:\/\/euroalter.com\/wp-content\/uploads\/2023\/05\/EA-biannual-report-21-22-WEB.pdf\">Rapport annuel 2021 &#8211; 2022<\/a><\/div>\r\n\r\n\r\n\r\n<div class=\"wp-block-button has-custom-width wp-block-button__width-100\"><a class=\"wp-block-button__link has-background-color has-text-color has-link-color wp-element-button\" style=\"padding-top: 1em; padding-bottom: 1em;\" href=\"https:\/\/euroalter.com\/wp-content\/uploads\/2020\/11\/20201023_EA_BR_19_20.pdf\">Rapport annuel 2019 &#8211; 2020<\/a><\/div>\r\n\r\n\r\n\r\n<div class=\"wp-block-button has-custom-width wp-block-button__width-100\"><a class=\"wp-block-button__link has-background-color has-text-color has-link-color wp-element-button\" style=\"padding-top: 1em; padding-bottom: 1em;\" href=\"https:\/\/euroalter.com\/wp-content\/uploads\/2020\/02\/biannual_report_17_18-web-1.pdf\">Rapport annuel 2017 &#8211; 2018<\/a><\/div>\r\n\r\n\r\n\r\n<div class=\"wp-block-button has-custom-width wp-block-button__width-100\"><a class=\"wp-block-button__link has-background-color has-text-color has-link-color wp-element-button\" style=\"padding-top: 1em; padding-bottom: 1em;\" href=\"https:\/\/euroalter.com\/wp-content\/uploads\/2020\/02\/annual-report-2016-1.pdf\">Rapport annuel 2016<\/a><\/div>\r\n\r\n\r\n\r\n<div class=\"wp-block-button has-custom-width wp-block-button__width-100\"><a class=\"wp-block-button__link has-background-color has-text-color has-link-color wp-element-button\" style=\"padding-top: 1em; padding-bottom: 1em;\" href=\"https:\/\/euroalter.com\/wp-content\/uploads\/2020\/02\/EA-2015-Imagine-Demand-Enact.pdf\">Rapport annuel 2014 &#8211; 2015<\/a><\/div>\r\n\r\n\r\n\r\n<div class=\"wp-block-button has-custom-width wp-block-button__width-100\"><a class=\"wp-block-button__link has-background-color has-text-color has-link-color wp-element-button\" style=\"padding-top: 1em; padding-bottom: 1em;\" href=\"https:\/\/euroalter.com\/wp-content\/uploads\/2020\/02\/EA_ANNUAL_REPORT_2012_highres.pdf\">Rapport annuel 2012 &#8211; 2013<\/a><\/div>\r\n\r\n\r\n<\/div>\r\n\r\n\r\n<\/div>\r\n\r\n\r\n<\/div>\r\n\r\n\r\n\r\n<figure class=\"wp-block-image alignwide size-large\"><img loading=\"lazy\" decoding=\"async\" width=\"1500\" height=\"618\" class=\"wp-image-23878\" src=\"https:\/\/euroalter.com\/wp-content\/uploads\/2024\/04\/EA-Impact-Stats-1500x618.webp\" alt=\"EA Impact Stats\" srcset=\"https:\/\/euroalter.com\/wp-content\/uploads\/2024\/04\/EA-Impact-Stats-1500x618.webp 1500w, https:\/\/euroalter.com\/wp-content\/uploads\/2024\/04\/EA-Impact-Stats-1024x422.webp 1024w, https:\/\/euroalter.com\/wp-content\/uploads\/2024\/04\/EA-Impact-Stats-600x247.webp 600w, https:\/\/euroalter.com\/wp-content\/uploads\/2024\/04\/EA-Impact-Stats.webp 1679w\" sizes=\"auto, (max-width: 1500px) 100vw, 1500px\" \/><\/figure>\r\n\r\n\r\n<\/div>\r\n","protected":false},"excerpt":{"rendered":"<p>Depuis notre cr\u00e9ation en 2007, European Alternatives agit avec la conviction que les enjeux politiques et sociaux les plus urgents ne peuvent plus \u00eatre compris&hellip;<\/p>\n","protected":false},"author":4,"featured_media":21900,"parent":26384,"menu_order":0,"comment_status":"closed","ping_status":"closed","template":"page-templates\/page-header-story.php","meta":{"_acf_changed":false,"footnotes":""},"class_list":["post-28037","page","type-page","status-publish","has-post-thumbnail","hentry"],"acf":[],"yoast_head":"<!-- This site is optimized with the Yoast SEO plugin v24.6 - https:\/\/yoast.com\/wordpress\/plugins\/seo\/ -->\n<title>Notre impact - European Alternatives<\/title>\n<meta name=\"robots\" content=\"index, follow, max-snippet:-1, max-image-preview:large, max-video-preview:-1\" \/>\n<link rel=\"canonical\" href=\"https:\/\/euroalter.com\/notre-histoire\/notre-impact\/\" \/>\n<meta property=\"og:locale\" content=\"fr_FR\" \/>\n<meta property=\"og:type\" content=\"article\" \/>\n<meta property=\"og:title\" content=\"Notre impact - European Alternatives\" \/>\n<meta property=\"og:description\" content=\"Depuis notre cr\u00e9ation en 2007, European Alternatives agit avec la conviction que les enjeux politiques et sociaux les plus urgents ne peuvent plus \u00eatre compris&hellip;\" \/>\n<meta property=\"og:url\" content=\"https:\/\/euroalter.com\/notre-histoire\/notre-impact\/\" \/>\n<meta property=\"og:site_name\" content=\"European Alternatives\" \/>\n<meta property=\"og:image\" content=\"https:\/\/euroalter.com\/wp-content\/uploads\/2025\/01\/MapChart_Map-2-1.png\" \/>\n\t<meta property=\"og:image:width\" content=\"6438\" \/>\n\t<meta property=\"og:image:height\" content=\"3260\" \/>\n\t<meta property=\"og:image:type\" content=\"image\/png\" \/>\n<meta name=\"twitter:card\" content=\"summary_large_image\" \/>\n<meta name=\"twitter:label1\" content=\"Est. reading time\" \/>\n\t<meta name=\"twitter:data1\" content=\"2 minutes\" \/>\n<script type=\"application\/ld+json\" class=\"yoast-schema-graph\">{\"@context\":\"https:\/\/schema.org\",\"@graph\":[{\"@type\":\"WebPage\",\"@id\":\"https:\/\/euroalter.com\/notre-histoire\/notre-impact\/\",\"url\":\"https:\/\/euroalter.com\/notre-histoire\/notre-impact\/\",\"name\":\"Notre impact - European Alternatives\",\"isPartOf\":{\"@id\":\"https:\/\/euroalter.com\/#website\"},\"primaryImageOfPage\":{\"@id\":\"https:\/\/euroalter.com\/notre-histoire\/notre-impact\/#primaryimage\"},\"image\":{\"@id\":\"https:\/\/euroalter.com\/notre-histoire\/notre-impact\/#primaryimage\"},\"thumbnailUrl\":\"https:\/\/euroalter.com\/wp-content\/uploads\/2020\/03\/impact.jpg\",\"datePublished\":\"2025-04-23T17:14:24+00:00\",\"breadcrumb\":{\"@id\":\"https:\/\/euroalter.com\/notre-histoire\/notre-impact\/#breadcrumb\"},\"inLanguage\":\"fr-FR\",\"potentialAction\":[{\"@type\":\"ReadAction\",\"target\":[\"https:\/\/euroalter.com\/notre-histoire\/notre-impact\/\"]}]},{\"@type\":\"ImageObject\",\"inLanguage\":\"fr-FR\",\"@id\":\"https:\/\/euroalter.com\/notre-histoire\/notre-impact\/#primaryimage\",\"url\":\"https:\/\/euroalter.com\/wp-content\/uploads\/2020\/03\/impact.jpg\",\"contentUrl\":\"https:\/\/euroalter.com\/wp-content\/uploads\/2020\/03\/impact.jpg\",\"width\":694,\"height\":437},{\"@type\":\"BreadcrumbList\",\"@id\":\"https:\/\/euroalter.com\/notre-histoire\/notre-impact\/#breadcrumb\",\"itemListElement\":[{\"@type\":\"ListItem\",\"position\":1,\"name\":\"Home\",\"item\":\"https:\/\/euroalter.com\/fr\/\"},{\"@type\":\"ListItem\",\"position\":2,\"name\":\"Notre histoire\",\"item\":\"https:\/\/euroalter.com\/fr\/notre-histoire\/\"},{\"@type\":\"ListItem\",\"position\":3,\"name\":\"Notre impact\"}]},{\"@type\":\"WebSite\",\"@id\":\"https:\/\/euroalter.com\/#website\",\"url\":\"https:\/\/euroalter.com\/\",\"name\":\"European Alternatives\",\"description\":\"Democracy, Equality and Culture beyond the nation\",\"potentialAction\":[{\"@type\":\"SearchAction\",\"target\":{\"@type\":\"EntryPoint\",\"urlTemplate\":\"https:\/\/euroalter.com\/?s={search_term_string}\"},\"query-input\":{\"@type\":\"PropertyValueSpecification\",\"valueRequired\":true,\"valueName\":\"search_term_string\"}}],\"inLanguage\":\"fr-FR\"}]}<\/script>\n<!-- \/ Yoast SEO plugin. -->","yoast_head_json":{"title":"Notre impact - European Alternatives","robots":{"index":"index","follow":"follow","max-snippet":"max-snippet:-1","max-image-preview":"max-image-preview:large","max-video-preview":"max-video-preview:-1"},"canonical":"https:\/\/euroalter.com\/notre-histoire\/notre-impact\/","og_locale":"fr_FR","og_type":"article","og_title":"Notre impact - European Alternatives","og_description":"Depuis notre cr\u00e9ation en 2007, European Alternatives agit avec la conviction que les enjeux politiques et sociaux les plus urgents ne peuvent plus \u00eatre compris&hellip;","og_url":"https:\/\/euroalter.com\/notre-histoire\/notre-impact\/","og_site_name":"European Alternatives","og_image":[{"width":6438,"height":3260,"url":"https:\/\/euroalter.com\/wp-content\/uploads\/2025\/01\/MapChart_Map-2-1.png","type":"image\/png"}],"twitter_card":"summary_large_image","twitter_misc":{"Est. reading time":"2 minutes"},"schema":{"@context":"https:\/\/schema.org","@graph":[{"@type":"WebPage","@id":"https:\/\/euroalter.com\/notre-histoire\/notre-impact\/","url":"https:\/\/euroalter.com\/notre-histoire\/notre-impact\/","name":"Notre impact - European Alternatives","isPartOf":{"@id":"https:\/\/euroalter.com\/#website"},"primaryImageOfPage":{"@id":"https:\/\/euroalter.com\/notre-histoire\/notre-impact\/#primaryimage"},"image":{"@id":"https:\/\/euroalter.com\/notre-histoire\/notre-impact\/#primaryimage"},"thumbnailUrl":"https:\/\/euroalter.com\/wp-content\/uploads\/2020\/03\/impact.jpg","datePublished":"2025-04-23T17:14:24+00:00","breadcrumb":{"@id":"https:\/\/euroalter.com\/notre-histoire\/notre-impact\/#breadcrumb"},"inLanguage":"fr-FR","potentialAction":[{"@type":"ReadAction","target":["https:\/\/euroalter.com\/notre-histoire\/notre-impact\/"]}]},{"@type":"ImageObject","inLanguage":"fr-FR","@id":"https:\/\/euroalter.com\/notre-histoire\/notre-impact\/#primaryimage","url":"https:\/\/euroalter.com\/wp-content\/uploads\/2020\/03\/impact.jpg","contentUrl":"https:\/\/euroalter.com\/wp-content\/uploads\/2020\/03\/impact.jpg","width":694,"height":437},{"@type":"BreadcrumbList","@id":"https:\/\/euroalter.com\/notre-histoire\/notre-impact\/#breadcrumb","itemListElement":[{"@type":"ListItem","position":1,"name":"Home","item":"https:\/\/euroalter.com\/fr\/"},{"@type":"ListItem","position":2,"name":"Notre histoire","item":"https:\/\/euroalter.com\/fr\/notre-histoire\/"},{"@type":"ListItem","position":3,"name":"Notre impact"}]},{"@type":"WebSite","@id":"https:\/\/euroalter.com\/#website","url":"https:\/\/euroalter.com\/","name":"European Alternatives","description":"Democracy, Equality and Culture beyond the nation","potentialAction":[{"@type":"SearchAction","target":{"@type":"EntryPoint","urlTemplate":"https:\/\/euroalter.com\/?s={search_term_string}"},"query-input":{"@type":"PropertyValueSpecification","valueRequired":true,"valueName":"search_term_string"}}],"inLanguage":"fr-FR"}]}},"_links":{"self":[{"href":"https:\/\/euroalter.com\/fr\/wp-json\/wp\/v2\/pages\/28037","targetHints":{"allow":["GET"]}}],"collection":[{"href":"https:\/\/euroalter.com\/fr\/wp-json\/wp\/v2\/pages"}],"about":[{"href":"https:\/\/euroalter.com\/fr\/wp-json\/wp\/v2\/types\/page"}],"author":[{"embeddable":true,"href":"https:\/\/euroalter.com\/fr\/wp-json\/wp\/v2\/users\/4"}],"replies":[{"embeddable":true,"href":"https:\/\/euroalter.com\/fr\/wp-json\/wp\/v2\/comments?post=28037"}],"version-history":[{"count":0,"href":"https:\/\/euroalter.com\/fr\/wp-json\/wp\/v2\/pages\/28037\/revisions"}],"up":[{"embeddable":true,"href":"https:\/\/euroalter.com\/fr\/wp-json\/wp\/v2\/pages\/26384"}],"wp:featuredmedia":[{"embeddable":true,"href":"https:\/\/euroalter.com\/fr\/wp-json\/wp\/v2\/media\/21900"}],"wp:attachment":[{"href":"https:\/\/euroalter.com\/fr\/wp-json\/wp\/v2\/media?parent=28037"}],"curies":[{"name":"wp","href":"https:\/\/api.w.org\/{rel}","templated":true}]}}